{"id":1834,"date":"2019-02-06T00:00:13","date_gmt":"2019-02-05T23:00:13","guid":{"rendered":"https:\/\/hoegy.de\/homepage\/?page_id=1834"},"modified":"2022-08-11T15:34:10","modified_gmt":"2022-08-11T13:34:10","slug":"blog-zur-israelreise-2019","status":"publish","type":"page","link":"https:\/\/hoegy.de\/homepage\/schulangebote\/mehr-als-unterricht\/austausche\/blog-zur-israelreise-2019\/","title":{"rendered":"Blog zur Israelreise 2019"},"content":{"rendered":"<section class=\"l-section wpb_row height_small\"><div class=\"l-section-h i-cf\"><div class=\"g-cols vc_row via_flex valign_top type_default stacking_default\"><div class=\"vc_col-sm-12 wpb_column vc_column_container\"><div class=\"vc_column-inner\"><div class=\"wpb_wrapper\"><div class=\"wpb_text_column\"><div class=\"wpb_wrapper\"><h3>Vom H\u00f6Gy in die W\u00fcste<\/h3>\n<h6>Was treibt 7 Sch\u00fclerinnen und 3 Sch\u00fcler des H\u00f6lderlin-Gymnasiums in die W\u00fcste?<\/h6>\n<p style=\"text-align: justify;\">In der Negev W\u00fcste im S\u00fcden Israels leben ca. 300 000 Beduinen, Nachkommen eines ehemaligen Nomadenvolkes, zu 50% in anerkannten D\u00f6rfern und zu 50% in nicht anerkannten D\u00f6rfern zusammen. Einige von ihnen leben in der einzigen Beduinenstadt Rahat, unweit von Be&#8217;er Sheva, der Hauptstadt der Negev W\u00fcste und damit in unmittelbarer Nachbarschaft zur j\u00fcdischen Bev\u00f6lkerung. In diesem Spannungsfeld arbeiten seit nunmehr 10 Jahren die Organisationen &#8220;A New Dawn in the Negev&#8221; mit Sitz in Rahat und &#8220;Friendship across Borders&#8221; mit Sitz in N\u00fcrtingen zusammen. Ihr Ziel ist es, beduinische Israelis, j\u00fcdische Israelis und Deutsche zusammenzubringen. In diesem Jahr findet zum ersten Mal eine solche Begegnung zwischen Sch\u00fclerinnen und Sch\u00fclern der beduinischen Schule in Abu Thlul, der j\u00fcdischen Schule in Eshel Hanasi und dem H\u00f6lderlin-Gymnasium in N\u00fcrtingen statt.<\/p>\n<figure id=\"attachment_1912\" aria-describedby=\"caption-attachment-1912\" style=\"width: 3738px\" class=\"wp-caption alignnone\"><img decoding=\"async\" class=\"size-full wp-image-1912 lazyload\" data-src=\"https:\/\/hoegy.de\/homepage\/hgy-media\/20190208_104557.jpg\" alt=\"\" width=\"3738\" height=\"2736\" data-srcset=\"https:\/\/hoegy.de\/homepage\/hgy-media\/20190208_104557.jpg 3738w, https:\/\/hoegy.de\/homepage\/hgy-media\/20190208_104557-200x146.jpg 200w, https:\/\/hoegy.de\/homepage\/hgy-media\/20190208_104557-1024x750.jpg 1024w, https:\/\/hoegy.de\/homepage\/hgy-media\/20190208_104557-123x90.jpg 123w\" data-sizes=\"(max-width: 3738px) 100vw, 3738px\" src=\"data:image\/svg+xml;base64,PHN2ZyB3aWR0aD0iMSIgaGVpZ2h0PSIxIiB4bWxucz0iaHR0cDovL3d3dy53My5vcmcvMjAwMC9zdmciPjwvc3ZnPg==\" style=\"--smush-placeholder-width: 3738px; --smush-placeholder-aspect-ratio: 3738\/2736;\" \/><figcaption id=\"caption-attachment-1912\" class=\"wp-caption-text\"><span style=\"font-size: 8pt;\">Blick auf die Negev im Anflug auf Ovdad<\/span><\/figcaption><\/figure>\n<\/div><\/div><div class=\"wpb_text_column\"><div class=\"wpb_wrapper\"><h6><strong>9.2.2019 Abu Thlul<\/strong><\/h6>\n<p>Nachdem wir gestern von unseren Partnern und deren Familien in Empfang genommen wurden, gibt es heute bei unserer ersten Zusammenkunft an der beduinischen Schule in Abu Thlul viel zu berichten. Vier von uns sind bei beduinischen Gro\u00dffamilien in der Umgebung der Schule untergebracht und weitere sechs bei j\u00fcdischen Familien in Lehavim, einer wohlhabenderen Ortschaft in der N\u00e4he von Be&#8217;er Sheva. Gr\u00f6\u00dfer k\u00f6nnten die Unterschiede in Lebens- und Sichtweise gar nicht sein.<\/p>\n<p>Wir verbringen den Tag mit diversen Workshops bei denen wir uns n\u00e4her kennenlernen und mehr voneinander erfahren.<\/p>\n<figure id=\"attachment_1913\" aria-describedby=\"caption-attachment-1913\" style=\"width: 4032px\" class=\"wp-caption alignnone\"><img decoding=\"async\" class=\"size-full wp-image-1913 lazyload\" data-src=\"https:\/\/hoegy.de\/homepage\/hgy-media\/Gruppe-Abu-Thlul.jpg\" alt=\"\" width=\"4032\" height=\"3024\" data-srcset=\"https:\/\/hoegy.de\/homepage\/hgy-media\/Gruppe-Abu-Thlul.jpg 4032w, https:\/\/hoegy.de\/homepage\/hgy-media\/Gruppe-Abu-Thlul-200x150.jpg 200w, https:\/\/hoegy.de\/homepage\/hgy-media\/Gruppe-Abu-Thlul-1024x768.jpg 1024w, https:\/\/hoegy.de\/homepage\/hgy-media\/Gruppe-Abu-Thlul-120x90.jpg 120w\" data-sizes=\"(max-width: 4032px) 100vw, 4032px\" src=\"data:image\/svg+xml;base64,PHN2ZyB3aWR0aD0iMSIgaGVpZ2h0PSIxIiB4bWxucz0iaHR0cDovL3d3dy53My5vcmcvMjAwMC9zdmciPjwvc3ZnPg==\" style=\"--smush-placeholder-width: 4032px; --smush-placeholder-aspect-ratio: 4032\/3024;\" \/><figcaption id=\"caption-attachment-1913\" class=\"wp-caption-text\"><span style=\"font-size: 8pt;\">Unsere Gruppe in Abu Thlul<\/span><\/figcaption><\/figure>\n<\/div><\/div><div class=\"wpb_text_column\"><div class=\"wpb_wrapper\"><h6><strong>10.2.2019 Rahat &#8211; Eshel Hanasi<\/strong><\/h6>\n<p>Heute geht es nach Rahat, wo wir von der Organisation &#8220;A New Dawn in the Negev&#8221; begr\u00fc\u00dft werden.<\/p>\n<figure id=\"attachment_1932\" aria-describedby=\"caption-attachment-1932\" style=\"width: 4032px\" class=\"wp-caption alignnone\"><img decoding=\"async\" class=\"size-full wp-image-1932 lazyload\" data-src=\"https:\/\/hoegy.de\/homepage\/hgy-media\/20190210_110453.jpg\" alt=\"\" width=\"4032\" height=\"3024\" data-srcset=\"https:\/\/hoegy.de\/homepage\/hgy-media\/20190210_110453.jpg 4032w, https:\/\/hoegy.de\/homepage\/hgy-media\/20190210_110453-200x150.jpg 200w, https:\/\/hoegy.de\/homepage\/hgy-media\/20190210_110453-1024x768.jpg 1024w, https:\/\/hoegy.de\/homepage\/hgy-media\/20190210_110453-120x90.jpg 120w\" data-sizes=\"(max-width: 4032px) 100vw, 4032px\" src=\"data:image\/svg+xml;base64,PHN2ZyB3aWR0aD0iMSIgaGVpZ2h0PSIxIiB4bWxucz0iaHR0cDovL3d3dy53My5vcmcvMjAwMC9zdmciPjwvc3ZnPg==\" style=\"--smush-placeholder-width: 4032px; --smush-placeholder-aspect-ratio: 4032\/3024;\" \/><figcaption id=\"caption-attachment-1932\" class=\"wp-caption-text\"><span style=\"font-size: 8pt;\">A New Dawn in the Negev, Rahat<\/span><\/figcaption><\/figure>\n<p>&nbsp;<\/p>\n<p>Mit einer Einwohnerzahl, die in etwa derer N\u00fcrtingens entspricht, ist Rahat die einzige Beduinenstadt in Israel. Wir erfahren viel \u00fcber die Organisation, die uns alle zusammengef\u00fchrt und hierher gebracht hat, ihre Arbeit und \u00fcber die Stadt.\u00a0 Auch wenn es keine Einrichtungen wie Kino und Theater gibt, so gibt es doch einen Markt, der auch von der j\u00fcdischen Bev\u00f6lkerung in der Umgebung besucht und genutzt wird. Auch die Familien unserer j\u00fcdischen Austauschsch\u00fcler aus dem nahegelegenen Lehavim kommen hierher zum Einkaufen. Manche der beduinischen Jugendlichen aus Rahat gehen auch auf die Schule unserer j\u00fcdischen Partner, nach Eshel Hanasi.<\/p>\n<figure id=\"attachment_1931\" aria-describedby=\"caption-attachment-1931\" style=\"width: 4032px\" class=\"wp-caption alignnone\"><img decoding=\"async\" class=\"size-full wp-image-1931 lazyload\" data-src=\"https:\/\/hoegy.de\/homepage\/hgy-media\/20190210_104226.jpg\" alt=\"\" width=\"4032\" height=\"3024\" data-srcset=\"https:\/\/hoegy.de\/homepage\/hgy-media\/20190210_104226.jpg 4032w, https:\/\/hoegy.de\/homepage\/hgy-media\/20190210_104226-200x150.jpg 200w, https:\/\/hoegy.de\/homepage\/hgy-media\/20190210_104226-1024x768.jpg 1024w, https:\/\/hoegy.de\/homepage\/hgy-media\/20190210_104226-120x90.jpg 120w\" data-sizes=\"(max-width: 4032px) 100vw, 4032px\" src=\"data:image\/svg+xml;base64,PHN2ZyB3aWR0aD0iMSIgaGVpZ2h0PSIxIiB4bWxucz0iaHR0cDovL3d3dy53My5vcmcvMjAwMC9zdmciPjwvc3ZnPg==\" style=\"--smush-placeholder-width: 4032px; --smush-placeholder-aspect-ratio: 4032\/3024;\" \/><figcaption id=\"caption-attachment-1931\" class=\"wp-caption-text\"><span style=\"font-size: 8pt;\">Auf dem Weg zum Markt in Rahat<\/span><\/figcaption><\/figure>\n<\/div><\/div><\/div><\/div><\/div><\/div><\/div><\/section><section class=\"l-section wpb_row height_small\"><div class=\"l-section-h i-cf\"><div class=\"g-cols vc_row via_flex valign_top type_default stacking_default\"><div class=\"vc_col-sm-12 wpb_column vc_column_container\"><div class=\"vc_column-inner\"><div class=\"wpb_wrapper\"><div class=\"wpb_text_column\"><div class=\"wpb_wrapper\"><p><span style=\"font-size: 12pt;\">Nach einem Rundgang durch die Stadt und \u00fcber den Markt geht es weiter nach Eshel Hanasi, wo wir die Schule unserer j\u00fcdischen Partner besichtigen. W\u00e4hrend die Schule in Abu Thlul als markanter Neubau in der kargen W\u00fcstenumgebung herausragt, gleicht Eshel Hanasi einem Dorf. Es gibt dort neben den Schulgeb\u00e4uden auch Schlafr\u00e4ume f\u00fcr die Internatssch\u00fcler, Obstg\u00e4rten mit Zitrusfr\u00fcchten und eine Farm mit K\u00fchen, Schafen und H\u00fchnern. <\/span><\/p>\n<\/div><\/div><\/div><\/div><\/div><\/div><\/div><\/section><section class=\"l-section wpb_row height_small\"><div class=\"l-section-h i-cf\"><div class=\"g-cols vc_row via_flex valign_top type_default stacking_default\"><div class=\"vc_col-sm-12 wpb_column vc_column_container\"><div class=\"vc_column-inner\"><div class=\"wpb_wrapper\"><div class=\"w-image align_none\"><div class=\"w-image-h\"><img decoding=\"async\" width=\"1024\" height=\"116\" data-src=\"https:\/\/hoegy.de\/homepage\/hgy-media\/20190210_122931-1024x116.jpg\" class=\"attachment-large size-large lazyload\" alt=\"\" data-srcset=\"https:\/\/hoegy.de\/homepage\/hgy-media\/20190210_122931-1024x116.jpg 1024w, https:\/\/hoegy.de\/homepage\/hgy-media\/20190210_122931-200x23.jpg 200w, https:\/\/hoegy.de\/homepage\/hgy-media\/20190210_122931-160x18.jpg 160w\" data-sizes=\"auto, (max-width: 1024px) 100vw, 1024px\" src=\"data:image\/svg+xml;base64,PHN2ZyB3aWR0aD0iMSIgaGVpZ2h0PSIxIiB4bWxucz0iaHR0cDovL3d3dy53My5vcmcvMjAwMC9zdmciPjwvc3ZnPg==\" style=\"--smush-placeholder-width: 1024px; --smush-placeholder-aspect-ratio: 1024\/116;\" \/><\/div><\/div><\/div><\/div><\/div><\/div><\/div><\/section><section class=\"l-section wpb_row height_small\"><div class=\"l-section-h i-cf\"><div class=\"g-cols vc_row via_flex valign_top type_default stacking_default\"><div class=\"vc_col-sm-12 wpb_column vc_column_container\"><div class=\"vc_column-inner\"><div class=\"wpb_wrapper\"><div class=\"w-image align_none\"><div class=\"w-image-h\"><img decoding=\"async\" width=\"1024\" height=\"768\" data-src=\"https:\/\/hoegy.de\/homepage\/hgy-media\/20190210_122237-1024x768.jpg\" class=\"attachment-large size-large lazyload\" alt=\"\" data-srcset=\"https:\/\/hoegy.de\/homepage\/hgy-media\/20190210_122237-1024x768.jpg 1024w, https:\/\/hoegy.de\/homepage\/hgy-media\/20190210_122237-200x150.jpg 200w, https:\/\/hoegy.de\/homepage\/hgy-media\/20190210_122237-120x90.jpg 120w\" data-sizes=\"auto, (max-width: 1024px) 100vw, 1024px\" src=\"data:image\/svg+xml;base64,PHN2ZyB3aWR0aD0iMSIgaGVpZ2h0PSIxIiB4bWxucz0iaHR0cDovL3d3dy53My5vcmcvMjAwMC9zdmciPjwvc3ZnPg==\" style=\"--smush-placeholder-width: 1024px; --smush-placeholder-aspect-ratio: 1024\/768;\" \/><\/div><\/div><div class=\"wpb_text_column\"><div class=\"wpb_wrapper\"><p style=\"text-align: left;\"><span style=\"font-size: 8pt;\">Die Farm der Schule<\/span><\/p>\n<\/div><\/div><\/div><\/div><\/div><\/div><\/div><\/section><section class=\"l-section wpb_row height_small\"><div class=\"l-section-h i-cf\"><div class=\"g-cols vc_row via_flex valign_top type_default stacking_default\"><div class=\"vc_col-sm-12 wpb_column vc_column_container\"><div class=\"vc_column-inner\"><div class=\"wpb_wrapper\"><div class=\"w-image align_none\"><div class=\"w-image-h\"><img decoding=\"async\" width=\"1024\" height=\"768\" data-src=\"https:\/\/hoegy.de\/homepage\/hgy-media\/20190210_113844-1024x768.jpg\" class=\"attachment-large size-large lazyload\" alt=\"\" data-srcset=\"https:\/\/hoegy.de\/homepage\/hgy-media\/20190210_113844-1024x768.jpg 1024w, https:\/\/hoegy.de\/homepage\/hgy-media\/20190210_113844-200x150.jpg 200w, https:\/\/hoegy.de\/homepage\/hgy-media\/20190210_113844-120x90.jpg 120w\" data-sizes=\"auto, (max-width: 1024px) 100vw, 1024px\" src=\"data:image\/svg+xml;base64,PHN2ZyB3aWR0aD0iMSIgaGVpZ2h0PSIxIiB4bWxucz0iaHR0cDovL3d3dy53My5vcmcvMjAwMC9zdmciPjwvc3ZnPg==\" style=\"--smush-placeholder-width: 1024px; --smush-placeholder-aspect-ratio: 1024\/768;\" \/><\/div><\/div><div class=\"wpb_text_column\"><div class=\"wpb_wrapper\"><p style=\"text-align: left;\"><span style=\"font-size: 8pt;\">Im Garten<\/span><\/p>\n<\/div><\/div><\/div><\/div><\/div><\/div><\/div><\/section><section class=\"l-section wpb_row height_small\"><div class=\"l-section-h i-cf\"><div class=\"g-cols vc_row via_flex valign_top type_default stacking_default\"><div class=\"vc_col-sm-12 wpb_column vc_column_container\"><div class=\"vc_column-inner\"><div class=\"wpb_wrapper\"><div class=\"wpb_text_column\"><div class=\"wpb_wrapper\"><p>Das Highlight der Schule ist jedoch die eigene Radiostation, in welcher unsere Gruppe heute ihr eigenes Musikprogramm zusammenstellen darf.<\/p>\n<\/div><\/div><div class=\"w-image align_none\"><div class=\"w-image-h\"><img decoding=\"async\" width=\"1024\" height=\"746\" data-src=\"https:\/\/hoegy.de\/homepage\/hgy-media\/20190210_151828-1024x746.jpg\" class=\"attachment-large size-large lazyload\" alt=\"\" data-srcset=\"https:\/\/hoegy.de\/homepage\/hgy-media\/20190210_151828-1024x746.jpg 1024w, https:\/\/hoegy.de\/homepage\/hgy-media\/20190210_151828-200x146.jpg 200w, https:\/\/hoegy.de\/homepage\/hgy-media\/20190210_151828-123x90.jpg 123w\" data-sizes=\"auto, (max-width: 1024px) 100vw, 1024px\" src=\"data:image\/svg+xml;base64,PHN2ZyB3aWR0aD0iMSIgaGVpZ2h0PSIxIiB4bWxucz0iaHR0cDovL3d3dy53My5vcmcvMjAwMC9zdmciPjwvc3ZnPg==\" style=\"--smush-placeholder-width: 1024px; --smush-placeholder-aspect-ratio: 1024\/746;\" \/><\/div><\/div><div class=\"wpb_text_column\"><div class=\"wpb_wrapper\"><p style=\"text-align: left;\"><span style=\"font-size: 8pt;\">Immer mit von der Partie ist unsere Filmemacherin Gerburg<\/span><\/p>\n<\/div><\/div><\/div><\/div><\/div><\/div><\/div><\/section><section class=\"l-section wpb_row height_small\"><div class=\"l-section-h i-cf\"><div class=\"g-cols vc_row via_flex valign_top type_default stacking_default\"><div class=\"vc_col-sm-12 wpb_column vc_column_container\"><div class=\"vc_column-inner\"><div class=\"wpb_wrapper\"><div class=\"wpb_text_column\"><div class=\"wpb_wrapper\"><p><strong>11.2.2019 Jerusalem &#8211; Yerushalaim<br \/>\n<\/strong><\/p>\n<p>Jerusalem, Sehnsuchtsort dreier Weltreligionen und Pulverfass zugleich, hier erz\u00e4hlt jeder Stein seine eigene Geschichte. Die Stadt ist voller Touristen und heute sind wir dabei. Von einer der vielen Dachterrassen in der Altstadt schauen wir auf die T\u00fcrme und Kuppeln der Stadt und auf das gegen\u00fcberliegende Ostjerusalem, vom \u00d6lberg bis hin zur Mauer zum Westjordanland.<\/p>\n<p><img decoding=\"async\" class=\"alignnone size-full wp-image-1949 lazyload\" data-src=\"https:\/\/hoegy.de\/homepage\/hgy-media\/20190211_143514.jpg\" alt=\"\" width=\"10588\" height=\"1511\" data-srcset=\"https:\/\/hoegy.de\/homepage\/hgy-media\/20190211_143514.jpg 10588w, https:\/\/hoegy.de\/homepage\/hgy-media\/20190211_143514-200x29.jpg 200w, https:\/\/hoegy.de\/homepage\/hgy-media\/20190211_143514-1024x146.jpg 1024w, https:\/\/hoegy.de\/homepage\/hgy-media\/20190211_143514-160x23.jpg 160w\" data-sizes=\"(max-width: 10588px) 100vw, 10588px\" src=\"data:image\/svg+xml;base64,PHN2ZyB3aWR0aD0iMSIgaGVpZ2h0PSIxIiB4bWxucz0iaHR0cDovL3d3dy53My5vcmcvMjAwMC9zdmciPjwvc3ZnPg==\" style=\"--smush-placeholder-width: 10588px; --smush-placeholder-aspect-ratio: 10588\/1511;\" \/><\/p>\n<p>Hauptziel unseres Besuches jedoch ist Yad Vashem &#8211; zu Deutsch Hand und Name \u2013 das Museum zum Gedenken an die 6,5 Millionen in der Shoah ermordeten Juden. Den Opfern einen Namen geben, damit sie nicht in Vergessenheit geraten, ist das wesentliche Anliegen der Gedenkst\u00e4tte. 4,5 Millionen Namen wurden hier zusammengetragen und aufgelistet. 2 Millionen bleiben f\u00fcr immer in Vergessenheit. Im Museum ist es nicht erlaubt zu fotografieren. Dies ist auch nicht erforderlich, denn die Bilder und Geschichten bleiben im Ged\u00e4chtnis haften. Nach dem Besuch der besonders eindr\u00fccklichen Gedenkst\u00e4tte f\u00fcr die 1,5 Millionen ermordeten Kinder verlassen wir den Ort ohne Sprache. Danach stehen die drei Gruppen von einander getrennt zusammen: Juden, Beduinen und wir Deutsche. Jede einzelne muss mit ihren Gef\u00fchlen zun\u00e4chst alleine zurechtkommen. Erst beim anschlie\u00dfenden Gang durch die Altstadt r\u00fccken wir wieder zusammen. Und die Stadt zeigt sich gegen Abend in einem besonderen Licht.<\/p>\n<p><img decoding=\"async\" class=\"alignnone size-full wp-image-1950 lazyload\" data-src=\"https:\/\/hoegy.de\/homepage\/hgy-media\/20190211_170212.jpg\" alt=\"\" width=\"4032\" height=\"3024\" src=\"data:image\/svg+xml;base64,PHN2ZyB3aWR0aD0iMSIgaGVpZ2h0PSIxIiB4bWxucz0iaHR0cDovL3d3dy53My5vcmcvMjAwMC9zdmciPjwvc3ZnPg==\" style=\"--smush-placeholder-width: 4032px; --smush-placeholder-aspect-ratio: 4032\/3024;\" \/><\/p>\n<\/div><\/div><\/div><\/div><\/div><\/div><\/div><\/section><section class=\"l-section wpb_row height_small\"><div class=\"l-section-h i-cf\"><div class=\"g-cols vc_row via_flex valign_top type_default stacking_default\"><div class=\"vc_col-sm-12 wpb_column vc_column_container\"><div class=\"vc_column-inner\"><div class=\"wpb_wrapper\"><div class=\"wpb_text_column\"><div class=\"wpb_wrapper\"><p><strong>12.2.2019 Workshops und Unrecognized Villages in Abu Thlul<\/strong><\/p>\n<p>Die Spannungen, welche zwischen den beduinischen und j\u00fcdischen Teilnehmern w\u00e4hrend unserer Diskussionsrunden immer wieder sp\u00fcrbar wurden, treten heute, w\u00e4hrend und nach dem Besuch eines der nicht anerkannten beduinischen D\u00f6rfer, nahe der Schule in Abu Thlul, deutlich zutage.<\/p>\n<p style=\"text-align: center;\"><img decoding=\"async\" class=\"alignnone size-full wp-image-1955 aligncenter lazyload\" data-src=\"https:\/\/hoegy.de\/homepage\/hgy-media\/20190212_104303.jpg\" alt=\"\" width=\"7977\" height=\"2006\" data-srcset=\"https:\/\/hoegy.de\/homepage\/hgy-media\/20190212_104303.jpg 7977w, https:\/\/hoegy.de\/homepage\/hgy-media\/20190212_104303-200x50.jpg 200w, https:\/\/hoegy.de\/homepage\/hgy-media\/20190212_104303-1024x258.jpg 1024w, https:\/\/hoegy.de\/homepage\/hgy-media\/20190212_104303-160x40.jpg 160w\" data-sizes=\"(max-width: 7977px) 100vw, 7977px\" src=\"data:image\/svg+xml;base64,PHN2ZyB3aWR0aD0iMSIgaGVpZ2h0PSIxIiB4bWxucz0iaHR0cDovL3d3dy53My5vcmcvMjAwMC9zdmciPjwvc3ZnPg==\" style=\"--smush-placeholder-width: 7977px; --smush-placeholder-aspect-ratio: 7977\/2006;\" \/><\/p>\n<p style=\"text-align: left;\"><img decoding=\"async\" class=\"alignnone size-full wp-image-1956 aligncenter lazyload\" data-src=\"https:\/\/hoegy.de\/homepage\/hgy-media\/20190212_105643.jpg\" alt=\"\" width=\"8985\" height=\"1781\" data-srcset=\"https:\/\/hoegy.de\/homepage\/hgy-media\/20190212_105643.jpg 8985w, https:\/\/hoegy.de\/homepage\/hgy-media\/20190212_105643-200x40.jpg 200w, https:\/\/hoegy.de\/homepage\/hgy-media\/20190212_105643-1024x203.jpg 1024w, https:\/\/hoegy.de\/homepage\/hgy-media\/20190212_105643-160x32.jpg 160w\" data-sizes=\"(max-width: 8985px) 100vw, 8985px\" src=\"data:image\/svg+xml;base64,PHN2ZyB3aWR0aD0iMSIgaGVpZ2h0PSIxIiB4bWxucz0iaHR0cDovL3d3dy53My5vcmcvMjAwMC9zdmciPjwvc3ZnPg==\" style=\"--smush-placeholder-width: 8985px; --smush-placeholder-aspect-ratio: 8985\/1781;\" \/><span style=\"font-size: 8pt;\">Blick auf eines der vielen unrecognized villages in der Umgebung der Schule<\/span><\/p>\n<p>Unbefestigte Stra\u00dfen, kein Wasser, keine Elektrizit\u00e4t, weil es ihnen von der Regierung verwehrt wird, sagen die einen &#8211; solange ihr eure H\u00e4user und Siedlungen ohne Genehmigung dort aufbaut, wo ihr wollt, k\u00f6nnt ihr dies alles nicht erwarten, sagen die anderen. Wir haben schon immer dort gelebt sagen die einen &#8211; aber nun gelten die Gesetze des Staates Israel, sagen die anderen. Am Ende des Tages gelingt es einigen doch wenigstens einander zuzuh\u00f6ren. Wir beginnen zu verstehen, warum das Zusammenleben in Israel so viel schwerer ist als bei uns.<\/p>\n<\/div><\/div><\/div><\/div><\/div><\/div><\/div><\/section><section class=\"l-section wpb_row height_small\"><div class=\"l-section-h i-cf\"><div class=\"g-cols vc_row via_flex valign_top type_default stacking_default\"><div class=\"vc_col-sm-12 wpb_column vc_column_container\"><div class=\"vc_column-inner\"><div class=\"wpb_wrapper\"><div class=\"wpb_text_column\"><div class=\"wpb_wrapper\"><p><strong>13.2.2019 Workshops und \u00f6ffentlicher Abend in Abu Thlul<\/strong><\/p>\n<\/div><\/div><div class=\"wpb_text_column\"><div class=\"wpb_wrapper\"><p>Die Workshops heute dienen der Vorbereitung des \u00f6ffentlichen Abends, zu dem Vertreter der teilnehmenden Schulen und Organisationen und die Eltern eingeladen sind. Unsere Pr\u00e4sentationen zeigen, wie sehr wir zusammengewachsen sind \u00fcber alle Unterschiede, Meinungsverschiedenheiten und Auseinandersetzungen \u00fcber schwierige Themen hinweg. Nur in einem offenen und ehrlichen Dialog k\u00f6nnen wir einander sehen, verstehen und den Blickwinkel erweitern.<\/p>\n<p>W\u00e4hrend des Tages ist ein Team des Fernsehsenders Makan dabei, welches einen Bericht \u00fcber unser Projekt verfasst. Der Beitrag kann unter folgender Adresse aufgerufen werden:<\/p>\n<p>www.facebook.com\/MakanAkhbar\/videos\/281846332493752\/<\/p>\n<\/div><\/div><div class=\"w-image align_none\"><div class=\"w-image-h\"><img decoding=\"async\" width=\"1024\" height=\"576\" data-src=\"https:\/\/hoegy.de\/homepage\/hgy-media\/20190213_103902-1024x576.jpg\" class=\"attachment-large size-large lazyload\" alt=\"\" data-srcset=\"https:\/\/hoegy.de\/homepage\/hgy-media\/20190213_103902-1024x576.jpg 1024w, https:\/\/hoegy.de\/homepage\/hgy-media\/20190213_103902-200x113.jpg 200w, https:\/\/hoegy.de\/homepage\/hgy-media\/20190213_103902-160x90.jpg 160w\" data-sizes=\"auto, (max-width: 1024px) 100vw, 1024px\" src=\"data:image\/svg+xml;base64,PHN2ZyB3aWR0aD0iMSIgaGVpZ2h0PSIxIiB4bWxucz0iaHR0cDovL3d3dy53My5vcmcvMjAwMC9zdmciPjwvc3ZnPg==\" style=\"--smush-placeholder-width: 1024px; --smush-placeholder-aspect-ratio: 1024\/576;\" \/><\/div><\/div><div class=\"wpb_text_column\"><div class=\"wpb_wrapper\"><p style=\"text-align: left;\"><span style=\"font-size: 8pt;\">Eindr\u00fccke unserer israelischen Partner als Gastgeber mit uns<br \/>\n<\/span><\/p>\n<p style=\"text-align: left;\"><img decoding=\"async\" class=\"alignnone size-full wp-image-1983 aligncenter lazyload\" data-src=\"https:\/\/hoegy.de\/homepage\/hgy-media\/20190213_103514.jpg\" alt=\"\" width=\"3821\" height=\"2268\" data-srcset=\"https:\/\/hoegy.de\/homepage\/hgy-media\/20190213_103514.jpg 3821w, https:\/\/hoegy.de\/homepage\/hgy-media\/20190213_103514-200x119.jpg 200w, https:\/\/hoegy.de\/homepage\/hgy-media\/20190213_103514-1024x608.jpg 1024w, https:\/\/hoegy.de\/homepage\/hgy-media\/20190213_103514-152x90.jpg 152w\" data-sizes=\"(max-width: 3821px) 100vw, 3821px\" src=\"data:image\/svg+xml;base64,PHN2ZyB3aWR0aD0iMSIgaGVpZ2h0PSIxIiB4bWxucz0iaHR0cDovL3d3dy53My5vcmcvMjAwMC9zdmciPjwvc3ZnPg==\" style=\"--smush-placeholder-width: 3821px; --smush-placeholder-aspect-ratio: 3821\/2268;\" \/><span style=\"font-size: 8pt;\">unsere Eindr\u00fccke als G\u00e4ste im Land<\/span><\/p>\n<p style=\"text-align: left;\">Was w\u00e4re aber ein solcher Abend ohne ein Essen, das alle miteinander verbindet? Davon gibt es gen\u00fcgend und es schmeckt sehr lecker.<\/p>\n<p style=\"text-align: left;\"><img decoding=\"async\" class=\"alignnone size-full wp-image-1962 aligncenter lazyload\" data-src=\"https:\/\/hoegy.de\/homepage\/hgy-media\/20190213_182813.jpg\" alt=\"\" width=\"4032\" height=\"2268\" data-srcset=\"https:\/\/hoegy.de\/homepage\/hgy-media\/20190213_182813.jpg 4032w, https:\/\/hoegy.de\/homepage\/hgy-media\/20190213_182813-200x113.jpg 200w, https:\/\/hoegy.de\/homepage\/hgy-media\/20190213_182813-1024x576.jpg 1024w, https:\/\/hoegy.de\/homepage\/hgy-media\/20190213_182813-160x90.jpg 160w\" data-sizes=\"(max-width: 4032px) 100vw, 4032px\" src=\"data:image\/svg+xml;base64,PHN2ZyB3aWR0aD0iMSIgaGVpZ2h0PSIxIiB4bWxucz0iaHR0cDovL3d3dy53My5vcmcvMjAwMC9zdmciPjwvc3ZnPg==\" style=\"--smush-placeholder-width: 4032px; --smush-placeholder-aspect-ratio: 4032\/2268;\" \/><span style=\"font-size: 8pt;\">Mansaf, eine beduinische Speziali\u00e4t<\/span><\/p>\n<\/div><\/div><\/div><\/div><\/div><\/div><\/div><\/section><section class=\"l-section wpb_row height_small\"><div class=\"l-section-h i-cf\"><div class=\"g-cols vc_row via_flex valign_top type_default stacking_default\"><div class=\"vc_col-sm-12 wpb_column vc_column_container\"><div class=\"vc_column-inner\"><div class=\"wpb_wrapper\"><div class=\"wpb_text_column\"><div class=\"wpb_wrapper\"><p><strong>14.2.2019 Tel Aviv-Jaffa &#8211; unser letzter Tag<\/strong><\/p>\n<p>Nach so viel Diskussion und Reflexion steht am letzten Tag wieder ein Ausflug auf dem Programm. Heute d\u00fcrfen wir Tel Aviv kennenlernen. Wir beginnen in Jaffa, einer Hafenstadt, die schon in der Antike existierte, heute aber zu Tel Aviv geh\u00f6rt. Dort besuchen wir die Organisation Reut Sadaka, die sich f\u00fcr ein friedliches Zusammenleben von Arabern und Juden in Israel einsetzt.<\/p>\n<p style=\"text-align: left;\"><img decoding=\"async\" class=\"alignnone size-full wp-image-1972 lazyload\" data-src=\"https:\/\/hoegy.de\/homepage\/hgy-media\/20190214_101715.jpg\" alt=\"\" width=\"4032\" height=\"2268\" data-srcset=\"https:\/\/hoegy.de\/homepage\/hgy-media\/20190214_101715.jpg 4032w, https:\/\/hoegy.de\/homepage\/hgy-media\/20190214_101715-200x113.jpg 200w, https:\/\/hoegy.de\/homepage\/hgy-media\/20190214_101715-1024x576.jpg 1024w, https:\/\/hoegy.de\/homepage\/hgy-media\/20190214_101715-160x90.jpg 160w\" data-sizes=\"(max-width: 4032px) 100vw, 4032px\" src=\"data:image\/svg+xml;base64,PHN2ZyB3aWR0aD0iMSIgaGVpZ2h0PSIxIiB4bWxucz0iaHR0cDovL3d3dy53My5vcmcvMjAwMC9zdmciPjwvc3ZnPg==\" style=\"--smush-placeholder-width: 4032px; --smush-placeholder-aspect-ratio: 4032\/2268;\" \/><span style=\"font-size: 8pt;\">Besuch bei Reut Sadaka<\/span><\/p>\n<p>Danach geht es \u00fcber Tel Avivs gr\u00f6\u00dften Markt, den Carmel Market, der allein durch sein Angebot aufzeigt, wie stark die beiden Kulturen sich schon kulinarisch vereint haben.<\/p>\n<p><img decoding=\"async\" class=\"alignnone size-full wp-image-1973 lazyload\" data-src=\"https:\/\/hoegy.de\/homepage\/hgy-media\/20190214_125539.jpg\" alt=\"\" width=\"4032\" height=\"2268\" data-srcset=\"https:\/\/hoegy.de\/homepage\/hgy-media\/20190214_125539.jpg 4032w, https:\/\/hoegy.de\/homepage\/hgy-media\/20190214_125539-200x113.jpg 200w, https:\/\/hoegy.de\/homepage\/hgy-media\/20190214_125539-1024x576.jpg 1024w, https:\/\/hoegy.de\/homepage\/hgy-media\/20190214_125539-160x90.jpg 160w\" data-sizes=\"(max-width: 4032px) 100vw, 4032px\" src=\"data:image\/svg+xml;base64,PHN2ZyB3aWR0aD0iMSIgaGVpZ2h0PSIxIiB4bWxucz0iaHR0cDovL3d3dy53My5vcmcvMjAwMC9zdmciPjwvc3ZnPg==\" style=\"--smush-placeholder-width: 4032px; --smush-placeholder-aspect-ratio: 4032\/2268;\" \/><\/p>\n<p style=\"text-align: left;\"><img decoding=\"async\" class=\"alignnone size-full wp-image-1974 aligncenter lazyload\" data-src=\"https:\/\/hoegy.de\/homepage\/hgy-media\/20190214_1256301.jpg\" alt=\"\" width=\"4032\" height=\"2268\" data-srcset=\"https:\/\/hoegy.de\/homepage\/hgy-media\/20190214_1256301.jpg 4032w, https:\/\/hoegy.de\/homepage\/hgy-media\/20190214_1256301-200x113.jpg 200w, https:\/\/hoegy.de\/homepage\/hgy-media\/20190214_1256301-1024x576.jpg 1024w, https:\/\/hoegy.de\/homepage\/hgy-media\/20190214_1256301-160x90.jpg 160w\" data-sizes=\"(max-width: 4032px) 100vw, 4032px\" src=\"data:image\/svg+xml;base64,PHN2ZyB3aWR0aD0iMSIgaGVpZ2h0PSIxIiB4bWxucz0iaHR0cDovL3d3dy53My5vcmcvMjAwMC9zdmciPjwvc3ZnPg==\" style=\"--smush-placeholder-width: 4032px; --smush-placeholder-aspect-ratio: 4032\/2268;\" \/><span style=\"font-size: 8pt;\">Carmel Market, Tel Aviv<\/span><\/p>\n<p>Und anschlie\u00dfend auf eine Tour durch das pulsierende Tel Aviv. Die Israelis sagen, in Jerusalem wird gebetet, in Haifa gearbeitet und in Tel Aviv Party gefeiert. Das ist wohl richtig, denn Tel Aviv ist eine Stadt mit einem sehr hohen Anteil von Jugendlichen, aber sie geh\u00f6rt auch zu den wichtigsten Wirtschaftsmetropolen im Nahen Osten. Vor 110 Jahren wurde Tel Aviv gegr\u00fcndet und ist damit noch eine relativ junge Stadt, in der verschiedene Baustile aufeinandertreffen &#8211; Kolonialstil, Bauhaus und Moderne.<\/p>\n<p><figure id=\"attachment_1975\" aria-describedby=\"caption-attachment-1975\" style=\"width: 332px\" class=\"wp-caption aligncenter\"><img decoding=\"async\" class=\"wp-image-1975 lazyload\" data-src=\"https:\/\/hoegy.de\/homepage\/hgy-media\/20190214_144436.jpg\" alt=\"\" width=\"332\" height=\"590\" data-srcset=\"https:\/\/hoegy.de\/homepage\/hgy-media\/20190214_144436.jpg 2268w, https:\/\/hoegy.de\/homepage\/hgy-media\/20190214_144436-113x200.jpg 113w, https:\/\/hoegy.de\/homepage\/hgy-media\/20190214_144436-576x1024.jpg 576w, https:\/\/hoegy.de\/homepage\/hgy-media\/20190214_144436-51x90.jpg 51w\" data-sizes=\"(max-width: 332px) 100vw, 332px\" src=\"data:image\/svg+xml;base64,PHN2ZyB3aWR0aD0iMSIgaGVpZ2h0PSIxIiB4bWxucz0iaHR0cDovL3d3dy53My5vcmcvMjAwMC9zdmciPjwvc3ZnPg==\" style=\"--smush-placeholder-width: 332px; --smush-placeholder-aspect-ratio: 332\/590;\" \/><figcaption id=\"caption-attachment-1975\" class=\"wp-caption-text\"><span style=\"font-size: 8pt;\">Bauhaus trifft Moderne<\/span><\/figcaption><\/figure><br \/>\n<figure id=\"attachment_1977\" aria-describedby=\"caption-attachment-1977\" style=\"width: 332px\" class=\"wp-caption aligncenter\"><img decoding=\"async\" class=\"wp-image-1977 lazyload\" data-src=\"https:\/\/hoegy.de\/homepage\/hgy-media\/20190214_150610.jpg\" alt=\"\" width=\"332\" height=\"591\" data-srcset=\"https:\/\/hoegy.de\/homepage\/hgy-media\/20190214_150610.jpg 2268w, https:\/\/hoegy.de\/homepage\/hgy-media\/20190214_150610-113x200.jpg 113w, https:\/\/hoegy.de\/homepage\/hgy-media\/20190214_150610-576x1024.jpg 576w, https:\/\/hoegy.de\/homepage\/hgy-media\/20190214_150610-51x90.jpg 51w\" data-sizes=\"(max-width: 332px) 100vw, 332px\" src=\"data:image\/svg+xml;base64,PHN2ZyB3aWR0aD0iMSIgaGVpZ2h0PSIxIiB4bWxucz0iaHR0cDovL3d3dy53My5vcmcvMjAwMC9zdmciPjwvc3ZnPg==\" style=\"--smush-placeholder-width: 332px; --smush-placeholder-aspect-ratio: 332\/591;\" \/><figcaption id=\"caption-attachment-1977\" class=\"wp-caption-text\"><span style=\"font-size: 8pt;\">Um Platz zu sparen, werden bestehende Geb\u00e4ude \u00fcberbaut.<\/span><\/figcaption><\/figure><\/p>\n<p>&nbsp;<\/p>\n<p>Unser Streifzug durch Tel Aviv endet mit einer Streetart Tour in Florentine, einem sehr hippen und angesagtem Viertel, welches, wie viele andere Viertel in den Metropolen der Welt, gerade einer starken Gentrifizierung unterliegt. Die K\u00fcnstler machen mit ihren Graffitis auf Missst\u00e4nde in Gesellschaft und Politik im eigenen Land und \u00fcberall auf der Welt aufmerksam.<\/p>\n<p style=\"text-align: left;\"><img decoding=\"async\" class=\"alignnone size-full wp-image-1979 lazyload\" data-src=\"https:\/\/hoegy.de\/homepage\/hgy-media\/20190214_161503.jpg\" alt=\"\" width=\"4032\" height=\"2268\" data-srcset=\"https:\/\/hoegy.de\/homepage\/hgy-media\/20190214_161503.jpg 4032w, https:\/\/hoegy.de\/homepage\/hgy-media\/20190214_161503-200x113.jpg 200w, https:\/\/hoegy.de\/homepage\/hgy-media\/20190214_161503-1024x576.jpg 1024w, https:\/\/hoegy.de\/homepage\/hgy-media\/20190214_161503-160x90.jpg 160w\" data-sizes=\"(max-width: 4032px) 100vw, 4032px\" src=\"data:image\/svg+xml;base64,PHN2ZyB3aWR0aD0iMSIgaGVpZ2h0PSIxIiB4bWxucz0iaHR0cDovL3d3dy53My5vcmcvMjAwMC9zdmciPjwvc3ZnPg==\" style=\"--smush-placeholder-width: 4032px; --smush-placeholder-aspect-ratio: 4032\/2268;\" \/><span style=\"font-size: 8pt;\">We were all once refugees<\/span><\/p>\n<p style=\"text-align: left;\"><span style=\"font-size: 8pt;\"><img decoding=\"async\" class=\"alignnone size-full wp-image-1978 alignleft lazyload\" data-src=\"https:\/\/hoegy.de\/homepage\/hgy-media\/20190214_160223.jpg\" alt=\"\" width=\"2268\" height=\"4032\" data-srcset=\"https:\/\/hoegy.de\/homepage\/hgy-media\/20190214_160223.jpg 2268w, https:\/\/hoegy.de\/homepage\/hgy-media\/20190214_160223-113x200.jpg 113w, https:\/\/hoegy.de\/homepage\/hgy-media\/20190214_160223-576x1024.jpg 576w, https:\/\/hoegy.de\/homepage\/hgy-media\/20190214_160223-51x90.jpg 51w\" data-sizes=\"(max-width: 2268px) 100vw, 2268px\" src=\"data:image\/svg+xml;base64,PHN2ZyB3aWR0aD0iMSIgaGVpZ2h0PSIxIiB4bWxucz0iaHR0cDovL3d3dy53My5vcmcvMjAwMC9zdmciPjwvc3ZnPg==\" style=\"--smush-placeholder-width: 2268px; --smush-placeholder-aspect-ratio: 2268\/4032;\" \/>Selfieismus &#8211; Kill the moment<\/span><\/p>\n<p>Mit diesem Blick auf Jaffa verabschieden wir uns von einem Land voller Gegens\u00e4tze und voller Gastfreundschaft. Mit im Gep\u00e4ck nach Hause haben wir viele Eindr\u00fccke, ungekl\u00e4rte Fragen, viele sch\u00f6ne Erinnerungen und vor allem die Freude auf den Besuch unserer neuen israelischen Freunde bei uns in Deutschland. Wir freuen uns sehr darauf, ihnen unser Land und unser Leben zeigen zu d\u00fcrfen.<\/p>\n<p><img decoding=\"async\" class=\"alignnone size-full wp-image-1980 lazyload\" data-src=\"https:\/\/hoegy.de\/homepage\/hgy-media\/20190214_170630.jpg\" alt=\"\" width=\"3788\" height=\"2010\" data-srcset=\"https:\/\/hoegy.de\/homepage\/hgy-media\/20190214_170630.jpg 3788w, https:\/\/hoegy.de\/homepage\/hgy-media\/20190214_170630-200x106.jpg 200w, https:\/\/hoegy.de\/homepage\/hgy-media\/20190214_170630-1024x543.jpg 1024w, https:\/\/hoegy.de\/homepage\/hgy-media\/20190214_170630-160x85.jpg 160w\" data-sizes=\"(max-width: 3788px) 100vw, 3788px\" src=\"data:image\/svg+xml;base64,PHN2ZyB3aWR0aD0iMSIgaGVpZ2h0PSIxIiB4bWxucz0iaHR0cDovL3d3dy53My5vcmcvMjAwMC9zdmciPjwvc3ZnPg==\" style=\"--smush-placeholder-width: 3788px; --smush-placeholder-aspect-ratio: 3788\/2010;\" \/><\/p>\n<\/div><\/div><\/div><\/div><\/div><\/div><\/div><\/section><section class=\"l-section wpb_row height_small\"><div class=\"l-section-h i-cf\"><div class=\"g-cols vc_row via_flex valign_top type_default stacking_default\"><div class=\"vc_col-sm-12 wpb_column vc_column_container\"><div class=\"vc_column-inner\"><div class=\"wpb_wrapper\"><div class=\"wpb_text_column\"><div class=\"wpb_wrapper\"><p><strong>15.2.2019<\/strong><\/p>\n<p>Heute sind wir planm\u00e4\u00dfig und wohlbehalten wieder zu Hause angekommen.<\/p>\n<\/div><\/div><\/div><\/div><\/div><\/div><\/div><\/section>\n","protected":false},"excerpt":{"rendered":"Vom H\u00f6Gy in die W\u00fcste Was treibt 7 Sch\u00fclerinnen und 3 Sch\u00fcler des H\u00f6lderlin-Gymnasiums in die W\u00fcste? In der Negev W\u00fcste im S\u00fcden Israels leben ca. 300 000 Beduinen, Nachkommen eines ehemaligen Nomadenvolkes, zu 50% in anerkannten D\u00f6rfern und zu 50% in nicht anerkannten D\u00f6rfern zusammen. Einige von ihnen leben in der einzigen Beduinenstadt Rahat,...","protected":false},"author":1,"featured_media":1950,"parent":632,"menu_order":0,"comment_status":"closed","ping_status":"closed","template":"","meta":{"footnotes":""},"class_list":["post-1834","page","type-page","status-publish","has-post-thumbnail","hentry"],"publishpress_future_action":{"enabled":false,"date":"2026-05-02 11:00:20","action":"change-status","newStatus":"draft","terms":[],"taxonomy":"","extraData":[]},"publishpress_future_workflow_manual_trigger":{"enabledWorkflows":[]},"_links":{"self":[{"href":"https:\/\/hoegy.de\/homepage\/wp-json\/wp\/v2\/pages\/1834","targetHints":{"allow":["GET"]}}],"collection":[{"href":"https:\/\/hoegy.de\/homepage\/wp-json\/wp\/v2\/pages"}],"about":[{"href":"https:\/\/hoegy.de\/homepage\/wp-json\/wp\/v2\/types\/page"}],"author":[{"embeddable":true,"href":"https:\/\/hoegy.de\/homepage\/wp-json\/wp\/v2\/users\/1"}],"replies":[{"embeddable":true,"href":"https:\/\/hoegy.de\/homepage\/wp-json\/wp\/v2\/comments?post=1834"}],"version-history":[{"count":52,"href":"https:\/\/hoegy.de\/homepage\/wp-json\/wp\/v2\/pages\/1834\/revisions"}],"predecessor-version":[{"id":2068,"href":"https:\/\/hoegy.de\/homepage\/wp-json\/wp\/v2\/pages\/1834\/revisions\/2068"}],"up":[{"embeddable":true,"href":"https:\/\/hoegy.de\/homepage\/wp-json\/wp\/v2\/pages\/632"}],"wp:featuredmedia":[{"embeddable":true,"href":"https:\/\/hoegy.de\/homepage\/wp-json\/wp\/v2\/media\/1950"}],"wp:attachment":[{"href":"https:\/\/hoegy.de\/homepage\/wp-json\/wp\/v2\/media?parent=1834"}],"curies":[{"name":"wp","href":"https:\/\/api.w.org\/{rel}","templated":true}]}}