{"id":475,"date":"2018-10-17T19:22:57","date_gmt":"2018-10-17T17:22:57","guid":{"rendered":"https:\/\/hoegy.de\/homepage\/?page_id=475"},"modified":"2026-02-24T17:39:01","modified_gmt":"2026-02-24T16:39:01","slug":"aktuelles","status":"publish","type":"page","link":"https:\/\/hoegy.de\/homepage\/schulgemeinschaft\/mensa-verein\/aktuelles\/","title":{"rendered":"Aktuelles"},"content":{"rendered":"<section class=\"l-section wpb_row height_small\"><div class=\"l-section-h i-cf\"><div class=\"g-cols vc_row via_flex valign_top type_default stacking_default\"><div class=\"vc_col-sm-12 wpb_column vc_column_container\"><div class=\"vc_column-inner\"><div class=\"wpb_wrapper\"><div class=\"w-grid us_post_list apply_url_params type_grid layout_3723 cols_1 preload_style_spinner\" id=\"us_post_list_l54a\" style=\"--columns:1;--gap:1.5rem;\"><style>.layout_3723 .w-grid-item-h{}@media(max-width:479px){.layout_3723 .usg_post_image_1{display:none!important}}.layout_3723 .usg_hwrapper_1{color:#3b3d40!important;background:#eeeeee!important;margin-right:10%!important;padding-top:6%!important;padding-bottom:6%!important}.layout_3723 .usg_vwrapper_1{width:48%!important;margin-left:6%!important;margin-right:0!important}.layout_3723 .usg_post_image_1{width:50%!important;max-width:400px!important;max-height:300px!important;margin-left:7%!important;margin-right:-11%!important}.layout_3723 .usg_post_date_1{font-size:0.9rem!important}.layout_3723 .usg_post_title_1{font-weight:700!important;line-height:1.2!important}.layout_3723 .usg_post_content_1{font-size:0.9rem!important}@media (max-width:600px){.layout_3723 .usg_hwrapper_1{margin-left:0!important;margin-right:0!important;padding-top:0!important;padding-bottom:0!important}.layout_3723 .usg_vwrapper_1{width:86%!important;margin:7% 7% 5% 7%!important}.layout_3723 .usg_post_image_1{width:100%!important;margin-left:0!important;margin-right:0!important}}<\/style><div class=\"w-grid-list\">\t<article class=\"w-grid-item size_1x1 post-11428 post type-post status-publish format-standard has-post-thumbnail hentry category-mensa\" data-id=\"11428\">\r\n\t\t<div class=\"w-grid-item-h\">\r\n\t\t\t\t\t\t<div class=\"w-hwrapper usg_hwrapper_1 has_text_color align_left valign_center wrap\"><div class=\"w-vwrapper usg_vwrapper_1 align_left valign_top\"><time class=\"w-post-elm post_date usg_post_date_1 entry-date published\" datetime=\"2024-01-20T17:14:40+01:00\" title=\"20 Januar 2024 um 17:14:40 Europe\/Berlin\u00a0Uhr\">20. Januar 2024<\/time><h2 class=\"w-post-elm post_title usg_post_title_1 entry-title color_link_inherit\"><a href=\"https:\/\/hoegy.de\/homepage\/stellenausschreibung-spuelkraft-gesucht\/\">Stellenausschreibung: Sp\u00fclkraft gesucht!<\/a><\/h2><div class=\"w-post-elm post_content usg_post_content_1\">Gesucht wird f\u00fcr die Mensa des H\u00f6lderlin-Gymnasiums in N\u00fcrtingen nach Absprache voraussichtlich ab 12.02.2024 bzw. baldm\u00f6glichst eine\/n Mitarbeiter\/in f\u00fcr die Sp\u00fclk\u00fcche. Stellenbeschreibung: Zur Unterst\u00fctzung unseres Teams suchen wir schnellstm\u00f6glich eine\/n motivierte Mitarbeiter\/in f\u00fcr die Schulmensa auf Basis Minijob (bis max. 538,- \u20ac). Anfallende T\u00e4tigkeiten w\u00e4ren beispielsweise: Sp\u00fclen von Ess- und&hellip;<\/div><\/div><div class=\"w-post-elm post_image usg_post_image_1 has_width has_height stretched\"><a href=\"https:\/\/hoegy.de\/homepage\/stellenausschreibung-spuelkraft-gesucht\/\" aria-label=\"Stellenausschreibung: Sp\u00fclkraft gesucht!\"><img decoding=\"async\" width=\"2191\" height=\"1100\" data-src=\"https:\/\/hoegy.de\/homepage\/hgy-media\/mensa_logo.png\" class=\"attachment-full size-full wp-post-image lazyload\" alt=\"H\u00f6Gy Mensa\" data-srcset=\"https:\/\/hoegy.de\/homepage\/hgy-media\/mensa_logo.png 2191w, https:\/\/hoegy.de\/homepage\/hgy-media\/mensa_logo-200x100.png 200w, https:\/\/hoegy.de\/homepage\/hgy-media\/mensa_logo-1024x514.png 1024w, https:\/\/hoegy.de\/homepage\/hgy-media\/mensa_logo-1536x771.png 1536w, https:\/\/hoegy.de\/homepage\/hgy-media\/mensa_logo-2048x1028.png 2048w, https:\/\/hoegy.de\/homepage\/hgy-media\/mensa_logo-600x301.png 600w, https:\/\/hoegy.de\/homepage\/hgy-media\/mensa_logo-50x25.png 50w, https:\/\/hoegy.de\/homepage\/hgy-media\/mensa_logo-1320x663.png 1320w\" data-sizes=\"(max-width: 2191px) 100vw, 2191px\" src=\"data:image\/svg+xml;base64,PHN2ZyB3aWR0aD0iMSIgaGVpZ2h0PSIxIiB4bWxucz0iaHR0cDovL3d3dy53My5vcmcvMjAwMC9zdmciPjwvc3ZnPg==\" style=\"--smush-placeholder-width: 2191px; --smush-placeholder-aspect-ratio: 2191\/1100;\" \/><\/a><\/div><\/div>\t\t<\/div>\r\n\t\t\t<\/article>\r\n\t<article class=\"w-grid-item size_1x1 post-7687 post type-post status-publish format-standard has-post-thumbnail hentry category-mensa category-news\" data-id=\"7687\">\r\n\t\t<div class=\"w-grid-item-h\">\r\n\t\t\t\t\t\t<div class=\"w-hwrapper usg_hwrapper_1 has_text_color align_left valign_center wrap\"><div class=\"w-vwrapper usg_vwrapper_1 align_left valign_top\"><time class=\"w-post-elm post_date usg_post_date_1 entry-date published\" datetime=\"2022-10-13T11:45:35+02:00\" title=\"13 Oktober 2022 um 11:45:35 Europe\/Berlin\u00a0Uhr\">13. Oktober 2022<\/time><h2 class=\"w-post-elm post_title usg_post_title_1 entry-title color_link_inherit\"><a href=\"https:\/\/hoegy.de\/homepage\/7687-2\/\">Wasserspender und Trinkflaschen<\/a><\/h2><div class=\"w-post-elm post_content usg_post_content_1\">Der Mensaverein stellt in seinen R\u00e4umlichkeiten allen BesucherInnen der Mensa kostenlos einen Wasserspender zur Verf\u00fcgung. Auch wenn nicht in der Mensa gegessen wird darf der Wasserspender gerne von allen H\u00f6Gy Sch\u00fclerInnen, LehrerInnen und MitarbeiterInnen genutzt werden. Dies gilt bis auf Widerruf. Gezapft werden kann gek\u00fchlter Sprudel und gek\u00fchltes stilles Wasser.&hellip;<\/div><\/div><div class=\"w-post-elm post_image usg_post_image_1 has_width has_height stretched\"><a href=\"https:\/\/hoegy.de\/homepage\/7687-2\/\" aria-label=\"Wasserspender und Trinkflaschen\"><img decoding=\"async\" width=\"359\" height=\"640\" data-src=\"https:\/\/hoegy.de\/homepage\/hgy-media\/mensaflasche_1.png\" class=\"attachment-full size-full wp-post-image lazyload\" alt=\"\" data-srcset=\"https:\/\/hoegy.de\/homepage\/hgy-media\/mensaflasche_1.png 359w, https:\/\/hoegy.de\/homepage\/hgy-media\/mensaflasche_1-112x200.png 112w, https:\/\/hoegy.de\/homepage\/hgy-media\/mensaflasche_1-334x595.png 334w, https:\/\/hoegy.de\/homepage\/hgy-media\/mensaflasche_1-28x50.png 28w\" data-sizes=\"(max-width: 359px) 100vw, 359px\" src=\"data:image\/svg+xml;base64,PHN2ZyB3aWR0aD0iMSIgaGVpZ2h0PSIxIiB4bWxucz0iaHR0cDovL3d3dy53My5vcmcvMjAwMC9zdmciPjwvc3ZnPg==\" style=\"--smush-placeholder-width: 359px; --smush-placeholder-aspect-ratio: 359\/640;\" \/><\/a><\/div><\/div>\t\t<\/div>\r\n\t\t\t<\/article>\r\n\t<article class=\"w-grid-item size_1x1 post-7424 post type-post status-publish format-standard has-post-thumbnail hentry category-mensa\" data-id=\"7424\">\r\n\t\t<div class=\"w-grid-item-h\">\r\n\t\t\t\t\t\t<div class=\"w-hwrapper usg_hwrapper_1 has_text_color align_left valign_center wrap\"><div class=\"w-vwrapper usg_vwrapper_1 align_left valign_top\"><time class=\"w-post-elm post_date usg_post_date_1 entry-date published\" datetime=\"2021-12-23T13:14:21+01:00\" title=\"23 Dezember 2021 um 13:14:21 Europe\/Berlin\u00a0Uhr\">23. Dezember 2021<\/time><h2 class=\"w-post-elm post_title usg_post_title_1 entry-title color_link_inherit\"><a href=\"https:\/\/hoegy.de\/homepage\/frohe-weihnachten\/\">Frohe Weihnachten<\/a><\/h2><div class=\"w-post-elm post_content usg_post_content_1\">w\u00fcnscht das Team der H\u00f6Gy-Mensa. Vielen Dank f\u00fcr die zahlreichen G\u00e4ste und die Unterst\u00fctzung durch die ehrenamtlichen Helfer in diesem mal wieder durchwachsenen Jahr. Wir freuen uns auf ein gesundes neues Jahr, leckeres Essen und hoffen wieder auf zahlreiche Helfer um unseren Kindern auch weiterhin abwechslungsreiches und gesundes Essen anbieten&hellip;<\/div><\/div><div class=\"w-post-elm post_image usg_post_image_1 has_width has_height stretched\"><a href=\"https:\/\/hoegy.de\/homepage\/frohe-weihnachten\/\" aria-label=\"Frohe Weihnachten\"><img decoding=\"async\" width=\"2484\" height=\"2484\" data-src=\"https:\/\/hoegy.de\/homepage\/hgy-media\/weihnachten_2021.png\" class=\"attachment-full size-full wp-post-image lazyload\" alt=\"\" data-srcset=\"https:\/\/hoegy.de\/homepage\/hgy-media\/weihnachten_2021.png 2484w, https:\/\/hoegy.de\/homepage\/hgy-media\/weihnachten_2021-200x200.png 200w, https:\/\/hoegy.de\/homepage\/hgy-media\/weihnachten_2021-1024x1024.png 1024w, https:\/\/hoegy.de\/homepage\/hgy-media\/weihnachten_2021-150x150.png 150w, https:\/\/hoegy.de\/homepage\/hgy-media\/weihnachten_2021-595x595.png 595w, https:\/\/hoegy.de\/homepage\/hgy-media\/weihnachten_2021-50x50.png 50w, https:\/\/hoegy.de\/homepage\/hgy-media\/weihnachten_2021-1320x1320.png 1320w\" data-sizes=\"(max-width: 2484px) 100vw, 2484px\" src=\"data:image\/svg+xml;base64,PHN2ZyB3aWR0aD0iMSIgaGVpZ2h0PSIxIiB4bWxucz0iaHR0cDovL3d3dy53My5vcmcvMjAwMC9zdmciPjwvc3ZnPg==\" style=\"--smush-placeholder-width: 2484px; --smush-placeholder-aspect-ratio: 2484\/2484;\" \/><\/a><\/div><\/div>\t\t<\/div>\r\n\t\t\t<\/article>\r\n\t<article class=\"w-grid-item size_1x1 post-4893 post type-post status-publish format-standard has-post-thumbnail hentry category-mensa category-news\" data-id=\"4893\">\r\n\t\t<div class=\"w-grid-item-h\">\r\n\t\t\t\t\t\t<div class=\"w-hwrapper usg_hwrapper_1 has_text_color align_left valign_center wrap\"><div class=\"w-vwrapper usg_vwrapper_1 align_left valign_top\"><time class=\"w-post-elm post_date usg_post_date_1 entry-date published\" datetime=\"2021-01-12T14:36:22+01:00\" title=\"12 Januar 2021 um 14:36:22 Europe\/Berlin\u00a0Uhr\">12. Januar 2021<\/time><h2 class=\"w-post-elm post_title usg_post_title_1 entry-title color_link_inherit\"><a href=\"https:\/\/hoegy.de\/homepage\/mensaschliessung-3\/\">Mensaschlie\u00dfung<\/a><\/h2><div class=\"w-post-elm post_content usg_post_content_1\">Aufgrund der aktuellen Vorgaben bleibt die Mensa des H\u00f6lderlin-Gymnasiums vorerst bis zum 28.02.2021 geschlossen. Wir hoffen auf ein baldiges Wiedersehen und w\u00fcnschen bis dahin eine gute Zeit.<\/div><\/div><div class=\"w-post-elm post_image usg_post_image_1 has_width has_height stretched\"><a href=\"https:\/\/hoegy.de\/homepage\/mensaschliessung-3\/\" aria-label=\"Mensaschlie\u00dfung\"><img decoding=\"async\" width=\"2191\" height=\"1100\" data-src=\"https:\/\/hoegy.de\/homepage\/hgy-media\/mensa_logo.png\" class=\"attachment-full size-full wp-post-image lazyload\" alt=\"H\u00f6Gy Mensa\" data-srcset=\"https:\/\/hoegy.de\/homepage\/hgy-media\/mensa_logo.png 2191w, https:\/\/hoegy.de\/homepage\/hgy-media\/mensa_logo-200x100.png 200w, https:\/\/hoegy.de\/homepage\/hgy-media\/mensa_logo-1024x514.png 1024w, https:\/\/hoegy.de\/homepage\/hgy-media\/mensa_logo-1536x771.png 1536w, https:\/\/hoegy.de\/homepage\/hgy-media\/mensa_logo-2048x1028.png 2048w, https:\/\/hoegy.de\/homepage\/hgy-media\/mensa_logo-600x301.png 600w, https:\/\/hoegy.de\/homepage\/hgy-media\/mensa_logo-50x25.png 50w, https:\/\/hoegy.de\/homepage\/hgy-media\/mensa_logo-1320x663.png 1320w\" data-sizes=\"(max-width: 2191px) 100vw, 2191px\" src=\"data:image\/svg+xml;base64,PHN2ZyB3aWR0aD0iMSIgaGVpZ2h0PSIxIiB4bWxucz0iaHR0cDovL3d3dy53My5vcmcvMjAwMC9zdmciPjwvc3ZnPg==\" style=\"--smush-placeholder-width: 2191px; --smush-placeholder-aspect-ratio: 2191\/1100;\" \/><\/a><\/div><\/div>\t\t<\/div>\r\n\t\t\t<\/article>\r\n\t<article class=\"w-grid-item size_1x1 post-4640 post type-post status-publish format-standard has-post-thumbnail hentry category-mensa\" data-id=\"4640\">\r\n\t\t<div class=\"w-grid-item-h\">\r\n\t\t\t\t\t\t<div class=\"w-hwrapper usg_hwrapper_1 has_text_color align_left valign_center wrap\"><div class=\"w-vwrapper usg_vwrapper_1 align_left valign_top\"><time class=\"w-post-elm post_date usg_post_date_1 entry-date published\" datetime=\"2020-11-18T10:27:35+01:00\" title=\"18 November 2020 um 10:27:35 Europe\/Berlin\u00a0Uhr\">18. November 2020<\/time><h2 class=\"w-post-elm post_title usg_post_title_1 entry-title color_link_inherit\"><a href=\"https:\/\/hoegy.de\/homepage\/verstaerkung-in-der-mensa\/\">Verst\u00e4rkung in der Mensa<\/a><\/h2><div class=\"w-post-elm post_content usg_post_content_1\">Da es momentan aus Infektionsschutzgr\u00fcnden sehr schwierig ist mit ehrenamtlichen Helfern haben wir uns entschlossen das Mensa-Team mit zwei weiteren hauptamtlichen Helfern (mindestens) bis Weihnachten aufzustocken. Wir freuen uns \u00fcber tatkr\u00e4ftige Unterst\u00fctzung in unserem Team. Ab sofort helfen Jessi und Zano dabei, t\u00e4glich f\u00fcr Euch ein frisches Essen zuzubereiten. Wir&hellip;<\/div><\/div><div class=\"w-post-elm post_image usg_post_image_1 has_width has_height stretched\"><a href=\"https:\/\/hoegy.de\/homepage\/verstaerkung-in-der-mensa\/\" aria-label=\"Verst\u00e4rkung in der Mensa\"><img decoding=\"async\" width=\"797\" height=\"797\" data-src=\"https:\/\/hoegy.de\/homepage\/hgy-media\/mensa_team_2020_11.jpeg\" class=\"attachment-full size-full wp-post-image lazyload\" alt=\"\" data-srcset=\"https:\/\/hoegy.de\/homepage\/hgy-media\/mensa_team_2020_11.jpeg 797w, https:\/\/hoegy.de\/homepage\/hgy-media\/mensa_team_2020_11-200x200.jpeg 200w, https:\/\/hoegy.de\/homepage\/hgy-media\/mensa_team_2020_11-150x150.jpeg 150w, https:\/\/hoegy.de\/homepage\/hgy-media\/mensa_team_2020_11-595x595.jpeg 595w, https:\/\/hoegy.de\/homepage\/hgy-media\/mensa_team_2020_11-50x50.jpeg 50w\" data-sizes=\"(max-width: 797px) 100vw, 797px\" src=\"data:image\/svg+xml;base64,PHN2ZyB3aWR0aD0iMSIgaGVpZ2h0PSIxIiB4bWxucz0iaHR0cDovL3d3dy53My5vcmcvMjAwMC9zdmciPjwvc3ZnPg==\" style=\"--smush-placeholder-width: 797px; --smush-placeholder-aspect-ratio: 797\/797;\" \/><\/a><\/div><\/div>\t\t<\/div>\r\n\t\t\t<\/article>\r\n\t<article class=\"w-grid-item size_1x1 post-4491 post type-post status-publish format-standard has-post-thumbnail hentry category-mensa\" data-id=\"4491\">\r\n\t\t<div class=\"w-grid-item-h\">\r\n\t\t\t\t\t\t<div class=\"w-hwrapper usg_hwrapper_1 has_text_color align_left valign_center wrap\"><div class=\"w-vwrapper usg_vwrapper_1 align_left valign_top\"><time class=\"w-post-elm post_date usg_post_date_1 entry-date published\" datetime=\"2020-09-14T11:48:42+02:00\" title=\"14 September 2020 um 11:48:42 Europe\/Berlin\u00a0Uhr\">14. September 2020<\/time><h2 class=\"w-post-elm post_title usg_post_title_1 entry-title color_link_inherit\"><a href=\"https:\/\/hoegy.de\/homepage\/mensakartenverkauf\/\">Mensakartenverkauf<\/a><\/h2><div class=\"w-post-elm post_content usg_post_content_1\">Der Kartenverkauf findet (nur bei Mensabetrieb) weiterhin Mittwochs in der gro\u00dfen Pause von 9.15-9.30 Uhr im Computerraum auf der Empore \u00fcber der Mensa statt. Falls Sch\u00fcler zu einer anderen Zeit gro\u00dfe Pause haben, melden sie sich bitte in der Mensa. Dort bitte einen Umschlag mit Namen, Klasse und 5 Euro&hellip;<\/div><\/div><div class=\"w-post-elm post_image usg_post_image_1 has_width has_height stretched\"><a href=\"https:\/\/hoegy.de\/homepage\/mensakartenverkauf\/\" aria-label=\"Mensakartenverkauf\"><img decoding=\"async\" width=\"2191\" height=\"1100\" data-src=\"https:\/\/hoegy.de\/homepage\/hgy-media\/mensa_logo.png\" class=\"attachment-full size-full wp-post-image lazyload\" alt=\"H\u00f6Gy Mensa\" data-srcset=\"https:\/\/hoegy.de\/homepage\/hgy-media\/mensa_logo.png 2191w, https:\/\/hoegy.de\/homepage\/hgy-media\/mensa_logo-200x100.png 200w, https:\/\/hoegy.de\/homepage\/hgy-media\/mensa_logo-1024x514.png 1024w, https:\/\/hoegy.de\/homepage\/hgy-media\/mensa_logo-1536x771.png 1536w, https:\/\/hoegy.de\/homepage\/hgy-media\/mensa_logo-2048x1028.png 2048w, https:\/\/hoegy.de\/homepage\/hgy-media\/mensa_logo-600x301.png 600w, https:\/\/hoegy.de\/homepage\/hgy-media\/mensa_logo-50x25.png 50w, https:\/\/hoegy.de\/homepage\/hgy-media\/mensa_logo-1320x663.png 1320w\" data-sizes=\"(max-width: 2191px) 100vw, 2191px\" src=\"data:image\/svg+xml;base64,PHN2ZyB3aWR0aD0iMSIgaGVpZ2h0PSIxIiB4bWxucz0iaHR0cDovL3d3dy53My5vcmcvMjAwMC9zdmciPjwvc3ZnPg==\" style=\"--smush-placeholder-width: 2191px; --smush-placeholder-aspect-ratio: 2191\/1100;\" \/><\/a><\/div><\/div>\t\t<\/div>\r\n\t\t\t<\/article>\r\n\t<article class=\"w-grid-item size_1x1 post-3757 post type-post status-publish format-standard has-post-thumbnail hentry category-mensa\" data-id=\"3757\">\r\n\t\t<div class=\"w-grid-item-h\">\r\n\t\t\t\t\t\t<div class=\"w-hwrapper usg_hwrapper_1 has_text_color align_left valign_center wrap\"><div class=\"w-vwrapper usg_vwrapper_1 align_left valign_top\"><time class=\"w-post-elm post_date usg_post_date_1 entry-date published\" datetime=\"2020-06-23T14:54:45+02:00\" title=\"23 Juni 2020 um 14:54:45 Europe\/Berlin\u00a0Uhr\">23. Juni 2020<\/time><h2 class=\"w-post-elm post_title usg_post_title_1 entry-title color_link_inherit\"><a href=\"https:\/\/hoegy.de\/homepage\/vorverkauf-mensakarten\/\">Vorverkauf Mensakarten<\/a><\/h2><div class=\"w-post-elm post_content usg_post_content_1\">ACHTUNG! Die angek\u00fcndigten Vorverkaufstermine f\u00fcr die Mensakarten am 23.\/24.6. und 1.7.2020 entfallen aufgrund der Mensaschlie\u00dfung. Momentan arbeiten wir an einer L\u00f6sung, dass nicht alle Neuzug\u00e4nge die Karten am Einschulungstag erwerben m\u00fcssen. Sobald wir eine M\u00f6glichkeit gefunden haben, geben wir Ihnen Bescheid. Bei weiteren Fragen k\u00f6nnen Sie uns gerne kontaktieren unter:&hellip;<\/div><\/div><div class=\"w-post-elm post_image usg_post_image_1 has_width has_height stretched\"><a href=\"https:\/\/hoegy.de\/homepage\/vorverkauf-mensakarten\/\" aria-label=\"Vorverkauf Mensakarten\"><img decoding=\"async\" width=\"2191\" height=\"1100\" data-src=\"https:\/\/hoegy.de\/homepage\/hgy-media\/mensa_logo.png\" class=\"attachment-full size-full wp-post-image lazyload\" alt=\"H\u00f6Gy Mensa\" data-srcset=\"https:\/\/hoegy.de\/homepage\/hgy-media\/mensa_logo.png 2191w, https:\/\/hoegy.de\/homepage\/hgy-media\/mensa_logo-200x100.png 200w, https:\/\/hoegy.de\/homepage\/hgy-media\/mensa_logo-1024x514.png 1024w, https:\/\/hoegy.de\/homepage\/hgy-media\/mensa_logo-1536x771.png 1536w, https:\/\/hoegy.de\/homepage\/hgy-media\/mensa_logo-2048x1028.png 2048w, https:\/\/hoegy.de\/homepage\/hgy-media\/mensa_logo-600x301.png 600w, https:\/\/hoegy.de\/homepage\/hgy-media\/mensa_logo-50x25.png 50w, https:\/\/hoegy.de\/homepage\/hgy-media\/mensa_logo-1320x663.png 1320w\" data-sizes=\"(max-width: 2191px) 100vw, 2191px\" src=\"data:image\/svg+xml;base64,PHN2ZyB3aWR0aD0iMSIgaGVpZ2h0PSIxIiB4bWxucz0iaHR0cDovL3d3dy53My5vcmcvMjAwMC9zdmciPjwvc3ZnPg==\" style=\"--smush-placeholder-width: 2191px; --smush-placeholder-aspect-ratio: 2191\/1100;\" \/><\/a><\/div><\/div>\t\t<\/div>\r\n\t\t\t<\/article>\r\n\t<article class=\"w-grid-item size_1x1 post-3762 post type-post status-publish format-standard has-post-thumbnail hentry category-mensa\" data-id=\"3762\">\r\n\t\t<div class=\"w-grid-item-h\">\r\n\t\t\t\t\t\t<div class=\"w-hwrapper usg_hwrapper_1 has_text_color align_left valign_center wrap\"><div class=\"w-vwrapper usg_vwrapper_1 align_left valign_top\"><time class=\"w-post-elm post_date usg_post_date_1 entry-date published\" datetime=\"2020-06-02T10:25:48+02:00\" title=\"2 Juni 2020 um 10:25:48 Europe\/Berlin\u00a0Uhr\">2. Juni 2020<\/time><h2 class=\"w-post-elm post_title usg_post_title_1 entry-title color_link_inherit\"><a href=\"https:\/\/hoegy.de\/homepage\/mensaschliessung-2\/\">Mensaschlie\u00dfung<\/a><\/h2><div class=\"w-post-elm post_content usg_post_content_1\">Die Mensa bleibt aufgrund der aktuellen Situation leider geschlossen bis zu den Sommerferien. Wir hoffen auf eine baldige R\u00fcckkehr zur Normalit\u00e4t und w\u00fcnschen Ihnen bis dahin alles Gute.<\/div><\/div><div class=\"w-post-elm post_image usg_post_image_1 has_width has_height stretched\"><a href=\"https:\/\/hoegy.de\/homepage\/mensaschliessung-2\/\" aria-label=\"Mensaschlie\u00dfung\"><img decoding=\"async\" width=\"2191\" height=\"1100\" data-src=\"https:\/\/hoegy.de\/homepage\/hgy-media\/mensa_logo.png\" class=\"attachment-full size-full wp-post-image lazyload\" alt=\"H\u00f6Gy Mensa\" data-srcset=\"https:\/\/hoegy.de\/homepage\/hgy-media\/mensa_logo.png 2191w, https:\/\/hoegy.de\/homepage\/hgy-media\/mensa_logo-200x100.png 200w, https:\/\/hoegy.de\/homepage\/hgy-media\/mensa_logo-1024x514.png 1024w, https:\/\/hoegy.de\/homepage\/hgy-media\/mensa_logo-1536x771.png 1536w, https:\/\/hoegy.de\/homepage\/hgy-media\/mensa_logo-2048x1028.png 2048w, https:\/\/hoegy.de\/homepage\/hgy-media\/mensa_logo-600x301.png 600w, https:\/\/hoegy.de\/homepage\/hgy-media\/mensa_logo-50x25.png 50w, https:\/\/hoegy.de\/homepage\/hgy-media\/mensa_logo-1320x663.png 1320w\" data-sizes=\"(max-width: 2191px) 100vw, 2191px\" src=\"data:image\/svg+xml;base64,PHN2ZyB3aWR0aD0iMSIgaGVpZ2h0PSIxIiB4bWxucz0iaHR0cDovL3d3dy53My5vcmcvMjAwMC9zdmciPjwvc3ZnPg==\" style=\"--smush-placeholder-width: 2191px; --smush-placeholder-aspect-ratio: 2191\/1100;\" \/><\/a><\/div><\/div>\t\t<\/div>\r\n\t\t\t<\/article>\r\n\t<article class=\"w-grid-item size_1x1 post-3716 post type-post status-publish format-standard has-post-thumbnail hentry category-mensa\" data-id=\"3716\">\r\n\t\t<div class=\"w-grid-item-h\">\r\n\t\t\t\t\t\t<div class=\"w-hwrapper usg_hwrapper_1 has_text_color align_left valign_center wrap\"><div class=\"w-vwrapper usg_vwrapper_1 align_left valign_top\"><time class=\"w-post-elm post_date usg_post_date_1 entry-date published\" datetime=\"2020-05-15T12:17:16+02:00\" title=\"15 Mai 2020 um 12:17:16 Europe\/Berlin\u00a0Uhr\">15. Mai 2020<\/time><h2 class=\"w-post-elm post_title usg_post_title_1 entry-title color_link_inherit\"><a href=\"https:\/\/hoegy.de\/homepage\/neuer-kippbraeter-fuer-die-mensa\/\">Neuer Kippbr\u00e4ter f\u00fcr die Mensa<\/a><\/h2><div class=\"w-post-elm post_content usg_post_content_1\">Heute wurde unser neuer Kippbr\u00e4ter mit gro\u00dfer Freude von unserer K\u00fcchenchefin Natalie Holzmann in Empfang genommen. Wir hoffen dass wir bald leckere Gerichte damit kochen k\u00f6nnen und bedanken uns ganz herzlich bei der Stadt N\u00fcrtingen f\u00fcr die Unterst\u00fctzung. &nbsp;<\/div><\/div><div class=\"w-post-elm post_image usg_post_image_1 has_width has_height stretched\"><a href=\"https:\/\/hoegy.de\/homepage\/neuer-kippbraeter-fuer-die-mensa\/\" aria-label=\"Neuer Kippbr\u00e4ter f\u00fcr die Mensa\"><img decoding=\"async\" width=\"2048\" height=\"2048\" data-src=\"https:\/\/hoegy.de\/homepage\/hgy-media\/mensa_news_0515.jpg\" class=\"attachment-full size-full wp-post-image lazyload\" alt=\"\" data-srcset=\"https:\/\/hoegy.de\/homepage\/hgy-media\/mensa_news_0515.jpg 2048w, https:\/\/hoegy.de\/homepage\/hgy-media\/mensa_news_0515-200x200.jpg 200w, https:\/\/hoegy.de\/homepage\/hgy-media\/mensa_news_0515-1024x1024.jpg 1024w, https:\/\/hoegy.de\/homepage\/hgy-media\/mensa_news_0515-150x150.jpg 150w, https:\/\/hoegy.de\/homepage\/hgy-media\/mensa_news_0515-1536x1536.jpg 1536w, https:\/\/hoegy.de\/homepage\/hgy-media\/mensa_news_0515-595x595.jpg 595w, https:\/\/hoegy.de\/homepage\/hgy-media\/mensa_news_0515-50x50.jpg 50w, https:\/\/hoegy.de\/homepage\/hgy-media\/mensa_news_0515-1320x1320.jpg 1320w\" data-sizes=\"(max-width: 2048px) 100vw, 2048px\" src=\"data:image\/svg+xml;base64,PHN2ZyB3aWR0aD0iMSIgaGVpZ2h0PSIxIiB4bWxucz0iaHR0cDovL3d3dy53My5vcmcvMjAwMC9zdmciPjwvc3ZnPg==\" style=\"--smush-placeholder-width: 2048px; --smush-placeholder-aspect-ratio: 2048\/2048;\" \/><\/a><\/div><\/div>\t\t<\/div>\r\n\t\t\t<\/article>\r\n\t<article class=\"w-grid-item size_1x1 post-3710 post type-post status-publish format-standard hentry category-mensa\" data-id=\"3710\">\r\n\t\t<div class=\"w-grid-item-h\">\r\n\t\t\t\t\t\t<div class=\"w-hwrapper usg_hwrapper_1 has_text_color align_left valign_center wrap\"><div class=\"w-vwrapper usg_vwrapper_1 align_left valign_top\"><time class=\"w-post-elm post_date usg_post_date_1 entry-date published\" datetime=\"2020-03-19T08:05:46+01:00\" title=\"19 M\u00e4rz 2020 um 08:05:46 Europe\/Berlin\u00a0Uhr\">19. M\u00e4rz 2020<\/time><h2 class=\"w-post-elm post_title usg_post_title_1 entry-title color_link_inherit\"><a href=\"https:\/\/hoegy.de\/homepage\/mensaschliessung\/\">Mensaschlie\u00dfung<\/a><\/h2><div class=\"w-post-elm post_content usg_post_content_1\">Die Mensa des H\u00f6lderlin-Gymnasiums ist aktuell geschlossen.<\/div><\/div><\/div>\t\t<\/div>\r\n\t\t\t<\/article>\r\n<\/div><div class=\"g-loadmore hidden\"><div class=\"g-preloader type_1\"><div><\/div><\/div><\/div><div class=\"w-grid-list-json hidden\" onclick='return {&quot;max_num_pages&quot;:0,&quot;paginationBase&quot;:&quot;page&quot;,&quot;pagination&quot;:&quot;none&quot;,&quot;paged&quot;:1,&quot;ajaxData&quot;:{&quot;action&quot;:&quot;us_ajax_post_list&quot;,&quot;meta_type&quot;:&quot;post&quot;,&quot;object_id&quot;:0,&quot;template_vars&quot;:{&quot;shortcode_base&quot;:&quot;us_post_list&quot;,&quot;paged&quot;:1,&quot;max_num_pages&quot;:0,&quot;no_results&quot;:false,&quot;us_post_content_design_css&quot;:[],&quot;found_posts&quot;:0,&quot;per_page&quot;:10,&quot;items_count&quot;:10,&quot;orderby_random_seed&quot;:null,&quot;source&quot;:&quot;all&quot;,&quot;ids&quot;:&quot;&quot;,&quot;post_type&quot;:&quot;post&quot;,&quot;attachment_ids&quot;:null,&quot;include_post_thumbnail&quot;:0,&quot;post_author&quot;:&quot;any&quot;,&quot;post_author_ids&quot;:&quot;&quot;,&quot;apply_url_params&quot;:&quot;1&quot;,&quot;ignore_sticky_posts&quot;:&quot;0&quot;,&quot;exclude_children&quot;:0,&quot;exclude_current_post&quot;:1,&quot;exclude_prev_posts&quot;:0,&quot;exclude_past_events&quot;:&quot;1&quot;,&quot;enable_items_offset&quot;:0,&quot;items_offset&quot;:&quot;1&quot;,&quot;tax_query_relation&quot;:&quot;AND&quot;,&quot;tax_query&quot;:&quot;%5B%7B%22operator%22%3A%22IN%22%2C%22taxonomy%22%3A%22category%22%2C%22terms%22%3A%2229%22%2C%22include_children%22%3A0%7D%5D&quot;,&quot;meta_query_relation&quot;:&quot;none&quot;,&quot;meta_query&quot;:[{&quot;key&quot;:&quot;custom_field_name&quot;,&quot;compare&quot;:&quot;=&quot;,&quot;value&quot;:&quot;&quot;}],&quot;orderby&quot;:&quot;date&quot;,&quot;orderby_custom_field&quot;:&quot;&quot;,&quot;orderby_custom_type&quot;:0,&quot;order_invert&quot;:&quot;1&quot;,&quot;show_all&quot;:0,&quot;quantity&quot;:&quot;10&quot;,&quot;posts_per_archive_page&quot;:0,&quot;no_items_action&quot;:&quot;message&quot;,&quot;no_items_message&quot;:&quot;Es wurden keine Ergebnisse gefunden.&quot;,&quot;no_items_page_block&quot;:&quot;&quot;,&quot;pagination&quot;:&quot;none&quot;,&quot;pagination_style&quot;:&quot;&quot;,&quot;pagination_btn_text&quot;:&quot;Mehr laden&quot;,&quot;pagination_btn_size&quot;:&quot;&quot;,&quot;pagination_btn_style&quot;:&quot;1&quot;,&quot;pagination_btn_fullwidth&quot;:0,&quot;items_layout&quot;:&quot;3723&quot;,&quot;type&quot;:&quot;grid&quot;,&quot;items_valign&quot;:0,&quot;ignore_items_size&quot;:0,&quot;columns&quot;:&quot;1&quot;,&quot;items_gap&quot;:&quot;1.5rem&quot;,&quot;load_animation&quot;:&quot;none&quot;,&quot;items_preload_style&quot;:&quot;spinner&quot;,&quot;img_size&quot;:&quot;default&quot;,&quot;title_size&quot;:&quot;&quot;,&quot;items_ratio&quot;:&quot;default&quot;,&quot;items_ratio_width&quot;:&quot;21&quot;,&quot;items_ratio_height&quot;:&quot;9&quot;,&quot;overriding_link&quot;:&quot;{\\&quot;url\\&quot;:\\&quot;\\&quot;}&quot;,&quot;popup_page_template&quot;:&quot;0&quot;,&quot;popup_width&quot;:&quot;&quot;,&quot;popup_arrows&quot;:1,&quot;breakpoint_1_width&quot;:&quot;1281px&quot;,&quot;breakpoint_1_cols&quot;:&quot;3&quot;,&quot;breakpoint_1_quantity&quot;:&quot;&quot;,&quot;breakpoint_1_gap&quot;:&quot;&quot;,&quot;breakpoint_2_width&quot;:&quot;1025px&quot;,&quot;breakpoint_2_cols&quot;:&quot;2&quot;,&quot;breakpoint_2_quantity&quot;:&quot;&quot;,&quot;breakpoint_2_gap&quot;:&quot;&quot;,&quot;breakpoint_3_width&quot;:&quot;601px&quot;,&quot;breakpoint_3_cols&quot;:&quot;1&quot;,&quot;breakpoint_3_quantity&quot;:&quot;&quot;,&quot;breakpoint_3_gap&quot;:&quot;&quot;,&quot;conditions_operator&quot;:&quot;always&quot;,&quot;conditions&quot;:[],&quot;css&quot;:null,&quot;el_class&quot;:&quot;&quot;,&quot;el_id&quot;:&quot;&quot;,&quot;enable_custom_html_atts&quot;:0,&quot;custom_html_atts&quot;:null,&quot;hide_on_states&quot;:&quot;&quot;,&quot;hide_for_sticky&quot;:0,&quot;hide_for_not_sticky&quot;:0,&quot;hide_below&quot;:&quot;0px&quot;,&quot;hide_above&quot;:&quot;0px&quot;,&quot;classes&quot;:&quot;&quot;},&quot;found_posts&quot;:0,&quot;per_page&quot;:10,&quot;list_filters&quot;:&quot;[]&quot;},&quot;facetedFilter&quot;:{&quot;query_args_unfiltered&quot;:&quot;{\\&quot;ignore_sticky_posts\\&quot;:false,\\&quot;post__not_in\\&quot;:[],\\&quot;tax_query\\&quot;:{\\&quot;0\\&quot;:{\\&quot;operator\\&quot;:\\&quot;IN\\&quot;,\\&quot;taxonomy\\&quot;:\\&quot;category\\&quot;,\\&quot;terms\\&quot;:[\\&quot;29\\&quot;],\\&quot;include_children\\&quot;:false},\\&quot;relation\\&quot;:\\&quot;AND\\&quot;},\\&quot;meta_query\\&quot;:[],\\&quot;posts_per_page\\&quot;:10,\\&quot;paged\\&quot;:1,\\&quot;apply_list_url_params\\&quot;:true,\\&quot;post_type\\&quot;:[\\&quot;post\\&quot;],\\&quot;no_found_rows\\&quot;:true,\\&quot;post_status\\&quot;:\\&quot;publish\\&quot;}&quot;}}'><\/div><\/div><\/div><\/div><\/div><\/div><\/div><\/section>\n","protected":false},"excerpt":{"rendered":"Die Mensa des H\u00f6lderlin-Gymnasiums ist aktuell geschlossen.","protected":false},"author":2,"featured_media":0,"parent":8406,"menu_order":2,"comment_status":"closed","ping_status":"closed","template":"","meta":{"footnotes":""},"class_list":["post-475","page","type-page","status-publish","hentry"],"publishpress_future_action":{"enabled":false,"date":"2026-05-07 13:08:04","action":"change-status","newStatus":"draft","terms":[],"taxonomy":"","extraData":[]},"publishpress_future_workflow_manual_trigger":{"enabledWorkflows":[]},"_links":{"self":[{"href":"https:\/\/hoegy.de\/homepage\/wp-json\/wp\/v2\/pages\/475","targetHints":{"allow":["GET"]}}],"collection":[{"href":"https:\/\/hoegy.de\/homepage\/wp-json\/wp\/v2\/pages"}],"about":[{"href":"https:\/\/hoegy.de\/homepage\/wp-json\/wp\/v2\/types\/page"}],"author":[{"embeddable":true,"href":"https:\/\/hoegy.de\/homepage\/wp-json\/wp\/v2\/users\/2"}],"replies":[{"embeddable":true,"href":"https:\/\/hoegy.de\/homepage\/wp-json\/wp\/v2\/comments?post=475"}],"version-history":[{"count":20,"href":"https:\/\/hoegy.de\/homepage\/wp-json\/wp\/v2\/pages\/475\/revisions"}],"predecessor-version":[{"id":15333,"href":"https:\/\/hoegy.de\/homepage\/wp-json\/wp\/v2\/pages\/475\/revisions\/15333"}],"up":[{"embeddable":true,"href":"https:\/\/hoegy.de\/homepage\/wp-json\/wp\/v2\/pages\/8406"}],"wp:attachment":[{"href":"https:\/\/hoegy.de\/homepage\/wp-json\/wp\/v2\/media?parent=475"}],"curies":[{"name":"wp","href":"https:\/\/api.w.org\/{rel}","templated":true}]}}