{"id":636,"date":"2018-10-18T09:28:33","date_gmt":"2018-10-18T07:28:33","guid":{"rendered":"https:\/\/hoegy.de\/homepage\/?page_id=636"},"modified":"2025-08-16T11:16:56","modified_gmt":"2025-08-16T09:16:56","slug":"berufsorientierung","status":"publish","type":"page","link":"https:\/\/hoegy.de\/homepage\/schulangebote\/mehr-als-unterricht\/berufsorientierung\/","title":{"rendered":"Berufsorientierung"},"content":{"rendered":"<section class=\"l-section wpb_row height_small\"><div class=\"l-section-h i-cf\"><div class=\"g-cols vc_row via_flex valign_top type_default stacking_default\"><div class=\"vc_col-sm-12 wpb_column vc_column_container\"><div class=\"vc_column-inner\"><div class=\"wpb_wrapper\"><div class=\"wpb_text_column\"><div class=\"wpb_wrapper\"><p>Je n\u00e4her das Ende der Schulzeit r\u00fcckt, umso mehr gewinnt das Thema berufliche Orientierung f\u00fcr Sch\u00fclerinnen und Sch\u00fcler an Bedeutung.<\/p>\n<p>Durch die Vielzahl an Optionen f\u00fcr die Zeit nach der Schule, von Freiwilligendiensten zur \u00dcberbr\u00fcckung bis zu Ausbildung oder Studium, ist dieses Thema oft mit vielen offenen Fragen und auch Unsicherheiten verbunden.<\/p>\n<p>Am H\u00f6lderlin-Gymnasium N\u00fcrtingen bieten wir eine gro\u00dfe Bandbreite an Angeboten. Wir haben es uns zum Ziel gesetzt, unseren Sch\u00fclerinnen und Sch\u00fclern alle Teile des Leitkonzepts zur beruflichen Orientierung an Schulen anzubieten. Daf\u00fcr arbeiten wir mit verschiedenen Akteuren zusammen.<\/p>\n<p>Gemeinsam mit unserem Berufs- und Studienberater Herrn Endre\u00df von der Bundesagentur f\u00fcr Arbeit steigen wir ab Klasse 10 mit voller Fahrt in die berufliche Orientierung ein.<\/p>\n<p>Folgendes Programm setzen wir erfolgreich um und unterst\u00fctzen damit alle Sch\u00fclerinnen und Sch\u00fcler auf ihrem Weg zur Wunsch-Karriere:<\/p>\n<table width=\"971\">\n<tbody>\n<tr>\n<td width=\"170\">Klasse 9<\/td>\n<td width=\"801\">\n<ul>\n<li>Freiwilliges Sozialpraktikum<\/li>\n<\/ul>\n<\/td>\n<\/tr>\n<tr>\n<td width=\"170\">Klasse 10<\/td>\n<td width=\"801\">\n<ul>\n<li>Berufsorientierende Veranstaltung mit einem Selbsterkundungstest (Interessen, F\u00e4higkeiten, Rahmenbedingungen) mit Auswertungsbogen zur beruflichen Selbstfindung f\u00fcr alle Sch\u00fclerinnen und Sch\u00fcler; Einstieg in den Prozess der Orientierung<\/li>\n<li>Bewerbungstraining Modul A (schriftliche Bewerbung) als Vorbereitung\/Unterst\u00fctzung f\u00fcrs BoGy Praktikum<\/li>\n<li>Auf Wunsch Einzelsprechzeit bzw. individuelle Beratung an der Schule oder in den R\u00e4umlichkeiten der Bundesagentur f\u00fcr Arbeit<\/li>\n<li>Berufsorientierende Veranstaltung zum Thema \u201eWege nach Klasse 10: Entscheidung Ausbildung oder Studium\u201c<\/li>\n<li>Einw\u00f6chiges BoGy-Praktikum<\/li>\n<\/ul>\n<\/td>\n<\/tr>\n<tr>\n<td width=\"170\">KS I<\/td>\n<td width=\"801\">\n<ul>\n<li>Berufsorientierende Veranstaltung zum Thema \u201eWege nach dem Abitur\u201c; Einstieg in die Studien- und Berufswahl; Durchf\u00fchrung des Orientierungstests (OT) von <a href=\"http:\/\/www.was-studiere-ich.de\">www.was-studiere-ich.de<\/a><\/li>\n<li>Auf Wunsch weitere Module aus dem Bewerbungstraining (Telefonischer Kontakt zu Arbeitgebern, Vorstellungsgespr\u00e4che erfolgreich f\u00fchren, Assessment Center, Business Behaviour)<\/li>\n<li>M\u00f6glichkeit eines studienbezogenen Berufswahltest durch den Psychologischen Service der Bundesagentur f\u00fcr Arbeit<\/li>\n<li>Teilnahme der Berufsberatung am Elternabend<\/li>\n<li>Teilnahme der Sch\u00fclerinnen und Sch\u00fcler am landesweiten Hochschulinformationstag<\/li>\n<li>Auf Wunsch Einzelsprechzeit bzw. individuelle Beratung an der Schule oder in den R\u00e4umlichkeiten der Bundesagentur f\u00fcr Arbeit<\/li>\n<li>Veranstaltungen mit externen Partnern, die \u00fcber unterschiedliche Berufsfelder, Studieng\u00e4nge und Ausbildungen informieren.<\/li>\n<\/ul>\n<\/td>\n<\/tr>\n<tr>\n<td width=\"170\">KS II<\/td>\n<td width=\"801\">\n<ul>\n<li>Auf Wunsch Einzelsprechzeit bzw. individuelle Beratung an der Schule oder in den R\u00e4umlichkeiten der Bundesagentur f\u00fcr Arbeit<\/li>\n<li>Teilnahme der Sch\u00fclerinnen und Sch\u00fcler am landesweiten Hochschulinformationstag<\/li>\n<li>Veranstaltungen mit externen Partnern, die \u00fcber unterschiedliche Berufsfelder, Studieng\u00e4nge und Ausbildungen informieren<\/li>\n<\/ul>\n<\/td>\n<\/tr>\n<\/tbody>\n<\/table>\n<p><a title=\"Die Bundesagentur f\u00fcr Arbeit informiert und ber\u00e4t zu allen Fragen rund um die Themen Berufsausbildung und Studium an dieser Schule. Weitere Informationen dazu im Portal der Bundesagentur f\u00fcr Arbeit.\" href=\"https:\/\/www.arbeitsagentur.de\/vor-ort\/goeppingen\/\"><\/a><\/p>\n<\/div><\/div><\/div><\/div><\/div><\/div><\/div><\/section>\n","protected":false},"excerpt":{"rendered":"Je n\u00e4her das Ende der Schulzeit r\u00fcckt, umso mehr gewinnt das Thema berufliche Orientierung f\u00fcr Sch\u00fclerinnen und Sch\u00fcler an Bedeutung. Durch die Vielzahl an Optionen f\u00fcr die Zeit nach der Schule, von Freiwilligendiensten zur \u00dcberbr\u00fcckung bis zu Ausbildung oder Studium, ist dieses Thema oft mit vielen offenen Fragen und auch Unsicherheiten verbunden. Am H\u00f6lderlin-Gymnasium N\u00fcrtingen...","protected":false},"author":2,"featured_media":0,"parent":614,"menu_order":9,"comment_status":"closed","ping_status":"closed","template":"","meta":{"footnotes":""},"class_list":["post-636","page","type-page","status-publish","hentry"],"publishpress_future_action":{"enabled":false,"date":"2026-05-08 07:05:41","action":"change-status","newStatus":"draft","terms":[],"taxonomy":"","extraData":[]},"publishpress_future_workflow_manual_trigger":{"enabledWorkflows":[]},"_links":{"self":[{"href":"https:\/\/hoegy.de\/homepage\/wp-json\/wp\/v2\/pages\/636","targetHints":{"allow":["GET"]}}],"collection":[{"href":"https:\/\/hoegy.de\/homepage\/wp-json\/wp\/v2\/pages"}],"about":[{"href":"https:\/\/hoegy.de\/homepage\/wp-json\/wp\/v2\/types\/page"}],"author":[{"embeddable":true,"href":"https:\/\/hoegy.de\/homepage\/wp-json\/wp\/v2\/users\/2"}],"replies":[{"embeddable":true,"href":"https:\/\/hoegy.de\/homepage\/wp-json\/wp\/v2\/comments?post=636"}],"version-history":[{"count":10,"href":"https:\/\/hoegy.de\/homepage\/wp-json\/wp\/v2\/pages\/636\/revisions"}],"predecessor-version":[{"id":14447,"href":"https:\/\/hoegy.de\/homepage\/wp-json\/wp\/v2\/pages\/636\/revisions\/14447"}],"up":[{"embeddable":true,"href":"https:\/\/hoegy.de\/homepage\/wp-json\/wp\/v2\/pages\/614"}],"wp:attachment":[{"href":"https:\/\/hoegy.de\/homepage\/wp-json\/wp\/v2\/media?parent=636"}],"curies":[{"name":"wp","href":"https:\/\/api.w.org\/{rel}","templated":true}]}}